{"id":27,"date":"2018-07-24T10:47:16","date_gmt":"2018-07-24T10:47:16","guid":{"rendered":"http:\/\/projektwissen.com\/?page_id=27"},"modified":"2018-07-24T10:47:16","modified_gmt":"2018-07-24T10:47:16","slug":"profil","status":"publish","type":"page","link":"http:\/\/projektwissen.com\/?page_id=27","title":{"rendered":"Profil"},"content":{"rendered":"<h2><img loading=\"lazy\" class=\"size-medium wp-image-28 alignleft\" src=\"http:\/\/projektwissen.com\/wp-content\/uploads\/2018\/07\/IMG_1991-300x225.jpg\" alt=\"\" width=\"300\" height=\"225\" srcset=\"http:\/\/projektwissen.com\/wp-content\/uploads\/2018\/07\/IMG_1991-300x225.jpg 300w, http:\/\/projektwissen.com\/wp-content\/uploads\/2018\/07\/IMG_1991-768x576.jpg 768w, http:\/\/projektwissen.com\/wp-content\/uploads\/2018\/07\/IMG_1991-1024x768.jpg 1024w, http:\/\/projektwissen.com\/wp-content\/uploads\/2018\/07\/IMG_1991-370x278.jpg 370w, http:\/\/projektwissen.com\/wp-content\/uploads\/2018\/07\/IMG_1991-1040x780.jpg 1040w\" sizes=\"(max-width: 300px) 100vw, 300px\" \/><\/h2>\n<h2>Vita<\/h2>\n<ul>\n<li>Prof. Dr. phil. habil., Studium der Soziologie und Erziehungswissenschaft\/ Erwachsenenbildung<\/li>\n<li>Wissenschaftliche Assistenz an der Fernuniversit\u00e4t Hagen und der Universit\u00e4t Essen.<\/li>\n<li>Lehrstuhlvertretung f\u00fcr Betriebliches Bildungswesen an der Universit\u00e4t der Bundeswehr Hamburg<\/li>\n<li>1994-2011 Professorin an der Otto-vonGuericke-Universit\u00e4t Magdeburg. Lehrstuhlinhaberin f\u00fcr Betriebliche Weiterbildung und Personalentwicklung<\/li>\n<li>\u00a02007-2008 Gesch\u00e4ftsf\u00fchrende Direktorin<\/li>\n<li>Leiterin der Zertifikatskurse Projektmanagement und Wissensmanagement<\/li>\n<li>2012 \u00a0Forschungsbegleitung am \u00a0METOP-Aninstitut<\/li>\n<li>2013 Gastwissenschaftlerin an der TU Berlin (Technische Universit\u00e4t) , Fakult\u00e4t 1, Arbeitsbereich Technik und Gesellschaft<\/li>\n<\/ul>\n<h2><\/h2>\n<h2>Arbeitsschwerpunkte<\/h2>\n<ul>\n<li>Personal- und Organisationsentwicklung<\/li>\n<li>F\u00fchrungsnachwuchsentwicklung und Diversity- Management<\/li>\n<li>Projektmanagement und Blended Learning<\/li>\n<li>Wissensmanagement und \u2013 vernetzung<\/li>\n<li>Betriebliche Weiterbildung und Kompetenzmanagement<\/li>\n<li>Wissenssoziologie<\/li>\n<li>Professions- und Kompetenzentwicklung\/-Management<\/li>\n<li>Projekt- und Wissensmanagement<\/li>\n<li>Wissensvernetzung und Wissenspromotion<\/li>\n<li>F\u00fchrungsnachwuchskr\u00e4fteentwicklung<\/li>\n<li>Mentoring und Frauenf\u00f6rderung<\/li>\n<li>individuelles und organisationales Kompetenz- und Personalmanagement<\/li>\n<li>Wissensbewertung und Standortverlagerung<\/li>\n<\/ul>\n<h2>Forschungsschwerpunkte des Lehrstuhls Berufliche Weiterbildung und Personalentwicklung<\/h2>\n<ul>\n<li>Projekt- und Wissensmanagement<\/li>\n<li>Wissensvernetzung und Wissenspromotion<\/li>\n<li>F\u00fchrungsnachwuchskr\u00e4fteentwicklung<\/li>\n<li>Mentoring und Frauenf\u00f6rderung<\/li>\n<li>individuelles und organisationales Kompetenz- und Personalmanagement<\/li>\n<li>Wissensbewertung und Standortverlagerung<\/li>\n<\/ul>\n","protected":false},"excerpt":{"rendered":"<p>Vita Prof. Dr. phil. habil., Studium der Soziologie und Erziehungswissenschaft\/ Erwachsenenbildung Wissenschaftliche Assistenz an der Fernuniversit\u00e4t Hagen und der Universit\u00e4t Essen. Lehrstuhlvertretung f\u00fcr Betriebliches Bildungswesen an der Universit\u00e4t der Bundeswehr Hamburg 1994-2011 Professorin an der Otto-vonGuericke-Universit\u00e4t Magdeburg. Lehrstuhlinhaberin f\u00fcr Betriebliche [&hellip;]<\/p>\n","protected":false},"author":1,"featured_media":0,"parent":0,"menu_order":0,"comment_status":"closed","ping_status":"closed","template":"","meta":[],"_links":{"self":[{"href":"http:\/\/projektwissen.com\/index.php?rest_route=\/wp\/v2\/pages\/27"}],"collection":[{"href":"http:\/\/projektwissen.com\/index.php?rest_route=\/wp\/v2\/pages"}],"about":[{"href":"http:\/\/projektwissen.com\/index.php?rest_route=\/wp\/v2\/types\/page"}],"author":[{"embeddable":true,"href":"http:\/\/projektwissen.com\/index.php?rest_route=\/wp\/v2\/users\/1"}],"replies":[{"embeddable":true,"href":"http:\/\/projektwissen.com\/index.php?rest_route=%2Fwp%2Fv2%2Fcomments&post=27"}],"version-history":[{"count":1,"href":"http:\/\/projektwissen.com\/index.php?rest_route=\/wp\/v2\/pages\/27\/revisions"}],"predecessor-version":[{"id":30,"href":"http:\/\/projektwissen.com\/index.php?rest_route=\/wp\/v2\/pages\/27\/revisions\/30"}],"wp:attachment":[{"href":"http:\/\/projektwissen.com\/index.php?rest_route=%2Fwp%2Fv2%2Fmedia&parent=27"}],"curies":[{"name":"wp","href":"https:\/\/api.w.org\/{rel}","templated":true}]}}